{"id":7315,"date":"2017-04-05T09:16:59","date_gmt":"2017-04-05T09:16:59","guid":{"rendered":"http:\/\/fotosgratis.cl\/?page_id=7315"},"modified":"2024-08-14T16:30:20","modified_gmt":"2024-08-14T20:30:20","slug":"nosotros","status":"publish","type":"page","link":"https:\/\/www.lupaconsultoras.cl\/web\/nosotros\/","title":{"rendered":"Nosotros"},"content":{"rendered":"<p>[vc_row full_width=&#8221;stretch_row&#8221; parallax_content=&#8221;parallax_content_value&#8221; parallax_content_sense=&#8221;1.5&#8243; css=&#8221;.vc_custom_1594214707602{background-image: url(https:\/\/www.lupaconsultoras.cl\/web\/wp-content\/uploads\/2020\/06\/empresa2.jpg?id=7751) !important;}&#8221;][vc_column][vc_empty_space height=&#8221;52px&#8221;][vc_custom_heading text=&#8221;Nuestra empresa&#8221; font_container=&#8221;tag:h1|font_size:40px|text_align:center|color:%23ffffff&#8221; use_theme_fonts=&#8221;yes&#8221;][vc_separator color=&#8221;sandy_brown&#8221; border_width=&#8221;2&#8243; el_width=&#8221;10&#8243;][vc_empty_space height=&#8221;12px&#8221;][vc_row_inner gap=&#8221;15&#8243;][vc_column_inner width=&#8221;1\/2&#8243;][vc_column_text]<\/p>\n<h3 style=\"text-align: center;\"><em><span style=\"color: #ff6600;\"><strong><span style=\"color: #ff9900;\">Nuestra visi\u00f3n<\/span><br \/>\n<\/strong> <\/span><span style=\"color: #ffffff;\">Contribuir de forma activa a la construcci\u00f3n de un mejor pa\u00eds, de una mejor sociedad. Creemos que la cultura, su divulgaci\u00f3n, reflexi\u00f3n, acceso y participaci\u00f3n, es un elemento de transformaci\u00f3n social y desarrollo que impacta, a largo plazo, en la evoluci\u00f3n de todos los seres humanos.<\/span><\/em><\/h3>\n<p>[\/vc_column_text][\/vc_column_inner][vc_column_inner width=&#8221;1\/2&#8243;][vc_column_text]<\/p>\n<h3 style=\"text-align: center;\"><em><span style=\"color: #339966;\"><strong><span style=\"color: #ff9900;\">Nuestra misi\u00f3n<\/span><br \/>\n<\/strong> <\/span><span style=\"color: #ffffff;\">Ofrecer un trabajo de calidad profesional y humana. Orientamos nuestros esfuerzos a producciones integrales y acciones de gesti\u00f3n cultural, que tengan como principio, la divulgaci\u00f3n de temas culturales, educativos y sociales.<\/span><\/em><\/h3>\n<p>[\/vc_column_text][\/vc_column_inner][\/vc_row_inner][vc_empty_space height=&#8221;52px&#8221;][\/vc_column][\/vc_row][vc_row][vc_column][vc_empty_space][vc_custom_heading text=&#8221;\u00a1Nuestro equipo!&#8221; font_container=&#8221;tag:h1|font_size:40px|text_align:center|color:%2300b59c&#8221; use_theme_fonts=&#8221;yes&#8221;][vc_separator color=&#8221;sandy_brown&#8221; border_width=&#8221;2&#8243; el_width=&#8221;10&#8243;][vc_empty_space height=&#8221;12px&#8221;][\/vc_column][\/vc_row][vc_row gap=&#8221;20&#8243;][vc_column width=&#8221;1\/4&#8243;][\/vc_column][vc_column width=&#8221;1\/4&#8243;][vc_single_image image=&#8221;7780&#8243; img_size=&#8221;full&#8221; alignment=&#8221;center&#8221; style=&#8221;vc_box_circle_2&#8243;]<div id=\"ultimate-heading-683969f73c8a0573a\" class=\"uvc-heading ult-adjust-bottom-margin ultimate-heading-683969f73c8a0573a uvc-7676 \" data-hspacer=\"line_only\"  data-halign=\"center\" style=\"text-align:center\"><div class=\"uvc-main-heading ult-responsive\"  data-ultimate-target='.uvc-heading.ultimate-heading-683969f73c8a0573a h2'  data-responsive-json-new='{\"font-size\":\"desktop:20px;\",\"line-height\":\"\"}' ><h2 style=\"font-weight:normal;color:#19a8a8;\">Mar\u00eda Fernanda Arrau Lorca<\/h2><\/div><div class=\"uvc-heading-spacer line_only\" style=\"topheight:1px;\"><span class=\"uvc-headings-line\" style=\"border-style:solid;border-bottom-width:1px;border-color:#fca13a;width:2px;\"><\/span><\/div><div class=\"uvc-sub-heading ult-responsive\"  data-ultimate-target='.uvc-heading.ultimate-heading-683969f73c8a0573a .uvc-sub-heading '  data-responsive-json-new='{\"font-size\":\"\",\"line-height\":\"\"}'  style=\"font-weight:normal;\"><\/p>\n<p style=\"text-align: center;\">Creadora y socia de Lupa Consultoras<\/p>\n<p><\/div><\/div><div id=\"modal-trg-txt-wrap-7043\" class=\"ult-modal-input-wrapper ult-adjust-bottom-margin    \" data-keypress-control=\"keypress-control-enable\" data-overlay-control=\"overlay-control-enable\"><span  data-ultimate-target='#modal-trg-txt-wrap-7043 .mycust'  data-responsive-json-new='{\"font-size\":\"\",\"line-height\":\"\"}'  style=\"color:#848484;cursor:pointer; text-decoration:underline;font-weight:normal;\" data-class-id=\"content-69f73c8a057a54-46717930\" class=\"overlay-show ult-responsive mycust ult-align-center\" data-overlay-class=\"overlay-cornerbottomleft\">Ver m\u00e1s de Fernanda<\/span><\/div>\n<div class=\"ult-overlay content-69f73c8a057a54-46717930 \" data-class=\"content-69f73c8a057a54-46717930\" id=\"button-click-overlay\" style=\"background:rgba(51,51,51,0.8); display:none;\">\n\t<div class=\"ult_modal ult-fade ult-small\">\n\t\t<div id=\"ult-modal-wrap-759\" class=\"ult_modal-content ult-hide\" style=\"border-style:solid;border-width:2px;border-radius:0px;border-color:#333333;\">\n\t\t\t<div class=\"ult_modal-header\" style=\"color:#333333;border-color:#333333;\">\n\t\t\t\t<h3  data-ultimate-target='#ult-modal-wrap-759 .ult_modal-title'  data-responsive-json-new='{\"font-size\":\"desktop:18px;\",\"line-height\":\"\"}'  class=\"ult_modal-title ult-responsive\">Mar\u00eda Fernanda Arrau Lorca<\/h3>\n\t\t\t<\/div>\n\t\t\t<div  data-ultimate-target='#ult-modal-wrap-759 .ult_modal-body'  data-responsive-json-new='{\"font-size\":\"\",\"line-height\":\"\"}'  class=\"ult_modal-body ult-responsive ult-html\" style=\"background:#ffffff;\">\n\t\t\t<\/p>\n<p style=\"text-align: justify;\">Estudi\u00f3 Periodismo, es Licenciada en Literatura, Diplomada en Gesti\u00f3n Cultural Escolar y Mag\u00edster en Gesti\u00f3n Cultural de la Universidad de Chile. Es creadora y socia de Lupa consultoras, Presidenta de Corporaci\u00f3n Cultural Creamundos, acad\u00e9mica del ramo Fomento lector y Gesti\u00f3n de Proyectos en la Universidad Alberto Hurtado y de Producci\u00f3n Cultural en la Menci\u00f3n Gesti\u00f3n Cultural, de la Universidad Finis Terrae.<\/p>\n<p style=\"text-align: justify;\">En su trayectoria destaca la coordinaci\u00f3n como contraparte del Plan de Fomento lector en Recintos Penitenciarios junto al actual Sistema de Bibliotecas P\u00fablicas del Ministerio de Cultura; la Producci\u00f3n de Seminarios Internacionales con Unicef, Junji, Ministerio de Educaci\u00f3n, la coordinaci\u00f3n de Investigaciones, Catastros y otras publicaciones como antolog\u00edas literarias infantiles y juveniles. Tallerista y relatora con m\u00e1s de 20 a\u00f1os de experiencia, siempre en temas vinculados a la mediaci\u00f3n lectora y gesti\u00f3n cultural para el desarrollo humano.<\/p>\n<p>Su experiencia en Lupa consultoras combina la Direcci\u00f3n de Proyectos, Creaci\u00f3n de contenidos y procesos formativos, Relaciones institucionales, Coordinaci\u00f3n de equipos y la ejecuci\u00f3n de pol\u00edticas p\u00fablicas.\n\t\t\t<\/div>\n\t<\/div>\n\t<\/div>\n\t<div class=\"ult-overlay-close top-right\" style=\"width:80px;height:80px; \"><div class=\"ult-overlay-close-inside\">Close<\/div><\/div>\n<\/div>[\/vc_column][vc_column width=&#8221;1\/4&#8243;][vc_single_image image=&#8221;7812&#8243; img_size=&#8221;full&#8221; alignment=&#8221;center&#8221; style=&#8221;vc_box_circle_2&#8243;]<div id=\"ultimate-heading-733569f73c8a057d6\" class=\"uvc-heading ult-adjust-bottom-margin ultimate-heading-733569f73c8a057d6 uvc-1991 \" data-hspacer=\"line_only\"  data-halign=\"center\" style=\"text-align:center\"><div class=\"uvc-main-heading ult-responsive\"  data-ultimate-target='.uvc-heading.ultimate-heading-733569f73c8a057d6 h2'  data-responsive-json-new='{\"font-size\":\"desktop:20px;\",\"line-height\":\"\"}' ><h2 style=\"font-weight:normal;color:#19a8a8;\">Mar\u00eda Cecilia Noton Norambuena<\/h2><\/div><div class=\"uvc-heading-spacer line_only\" style=\"topheight:1px;\"><span class=\"uvc-headings-line\" style=\"border-style:solid;border-bottom-width:1px;border-color:#fca13a;width:2px;\"><\/span><\/div><div class=\"uvc-sub-heading ult-responsive\"  data-ultimate-target='.uvc-heading.ultimate-heading-733569f73c8a057d6 .uvc-sub-heading '  data-responsive-json-new='{\"font-size\":\"\",\"line-height\":\"\"}'  style=\"font-weight:normal;\"><\/p>\n<p style=\"text-align: center;\">Creadora y socia de Lupa Consultoras<\/p>\n<p><\/div><\/div><div id=\"modal-trg-txt-wrap-3614\" class=\"ult-modal-input-wrapper ult-adjust-bottom-margin    \" data-keypress-control=\"keypress-control-enable\" data-overlay-control=\"overlay-control-enable\"><span  data-ultimate-target='#modal-trg-txt-wrap-3614 .mycust'  data-responsive-json-new='{\"font-size\":\"\",\"line-height\":\"\"}'  style=\"color:#848484;cursor:pointer; text-decoration:underline;font-weight:normal;\" data-class-id=\"content-69f73c8a057ff4-70877585\" class=\"overlay-show ult-responsive mycust ult-align-center\" data-overlay-class=\"overlay-cornerbottomleft\">Ver m\u00e1s de Cecilia<\/span><\/div>\n<div class=\"ult-overlay content-69f73c8a057ff4-70877585 \" data-class=\"content-69f73c8a057ff4-70877585\" id=\"button-click-overlay\" style=\"background:rgba(51,51,51,0.8); display:none;\">\n\t<div class=\"ult_modal ult-fade ult-small\">\n\t\t<div id=\"ult-modal-wrap-2076\" class=\"ult_modal-content ult-hide\" style=\"border-style:solid;border-width:2px;border-radius:0px;border-color:#333333;\">\n\t\t\t<div class=\"ult_modal-header\" style=\"color:#333333;border-color:#333333;\">\n\t\t\t\t<h3  data-ultimate-target='#ult-modal-wrap-2076 .ult_modal-title'  data-responsive-json-new='{\"font-size\":\"desktop:18px;\",\"line-height\":\"\"}'  class=\"ult_modal-title ult-responsive\">Mar\u00eda Cecilia Noton Norambuena<\/h3>\n\t\t\t<\/div>\n\t\t\t<div  data-ultimate-target='#ult-modal-wrap-2076 .ult_modal-body'  data-responsive-json-new='{\"font-size\":\"\",\"line-height\":\"\"}'  class=\"ult_modal-body ult-responsive ult-html\" style=\"background:#ffffff;\">\n\t\t\t<\/p>\n<p style=\"text-align: left;\">Ingeniera en Sonido, Mag\u00edster en Gesti\u00f3n Cultural y cantante. Es creadora y socia de Lupa Consultoras, Vicepresidenta de Corporaci\u00f3n Creamundos y docente de Elaboraci\u00f3n de Proyectos Sociales en la Universidad Alberto Hurtado.<\/p>\n<p style=\"text-align: left;\">Fue creadora, docente y coordinadora acad\u00e9mica durante tres a\u00f1os del Diploma en Gesti\u00f3n Cultural semi presencial en la ciudad de Arica de la Escuela de posgrado de la Facultad de Artes de la Universidad de Chile. Ha participado en diversas investigaciones en temas vinculados a la gesti\u00f3n cultural y su profesionalizaci\u00f3n, la articulaci\u00f3n entre industria creativa y mercado, y capacitado mediante cursos, talleres y charlas en temas de financiamiento de proyectos culturales en programas como Trama y Santiago es M\u00edo.<\/p>\n<p style=\"text-align: left;\">Su experiencia en Lupa consultoras est\u00e1 centrada en la coordinaci\u00f3n, control presupuestario y administraci\u00f3n de proyectos regionales, nacionales e internacionales, liderando tambi\u00e9n producciones de diversa magnitud mediante convenio marco producci\u00f3n de eventos.<\/p>\n<p>\n\t\t\t<\/div>\n\t<\/div>\n\t<\/div>\n\t<div class=\"ult-overlay-close top-right\" style=\"width:80px;height:80px; \"><div class=\"ult-overlay-close-inside\">Close<\/div><\/div>\n<\/div>[\/vc_column][vc_column width=&#8221;1\/4&#8243;][\/vc_column][\/vc_row][vc_row][vc_column][vc_separator color=&#8221;peacoc&#8221; el_width=&#8221;50&#8243;][\/vc_column][\/vc_row][vc_row gap=&#8221;20&#8243;][vc_column width=&#8221;1\/4&#8243;][vc_single_image image=&#8221;7721&#8243; img_size=&#8221;full&#8221; alignment=&#8221;center&#8221; style=&#8221;vc_box_circle_2&#8243;]<div id=\"ultimate-heading-521969f73c8a05821\" class=\"uvc-heading ult-adjust-bottom-margin ultimate-heading-521969f73c8a05821 uvc-9546 \" data-hspacer=\"line_only\"  data-halign=\"center\" style=\"text-align:center\"><div class=\"uvc-main-heading ult-responsive\"  data-ultimate-target='.uvc-heading.ultimate-heading-521969f73c8a05821 h2'  data-responsive-json-new='{\"font-size\":\"desktop:20px;\",\"line-height\":\"\"}' ><h2 style=\"font-weight:normal;color:#19a8a8;\">Sandra Garfe Bouillet<\/h2><\/div><div class=\"uvc-heading-spacer line_only\" style=\"topheight:1px;\"><span class=\"uvc-headings-line\" style=\"border-style:solid;border-bottom-width:1px;border-color:#fca13a;width:2px;\"><\/span><\/div><div class=\"uvc-sub-heading ult-responsive\"  data-ultimate-target='.uvc-heading.ultimate-heading-521969f73c8a05821 .uvc-sub-heading '  data-responsive-json-new='{\"font-size\":\"\",\"line-height\":\"\"}'  style=\"font-weight:normal;\"><\/p>\n<p style=\"text-align: center;\">Coordinaci\u00f3n de producci\u00f3n<\/p>\n<p><\/div><\/div><div id=\"modal-trg-txt-wrap-3043\" class=\"ult-modal-input-wrapper ult-adjust-bottom-margin    \" data-keypress-control=\"keypress-control-enable\" data-overlay-control=\"overlay-control-enable\"><span  data-ultimate-target='#modal-trg-txt-wrap-3043 .mycust'  data-responsive-json-new='{\"font-size\":\"\",\"line-height\":\"\"}'  style=\"color:#848484;cursor:pointer; text-decoration:underline;font-weight:normal;\" data-class-id=\"content-69f73c8a058468-75452171\" class=\"overlay-show ult-responsive mycust ult-align-center\" data-overlay-class=\"overlay-cornerbottomleft\">Ver m\u00e1s de Sandra<\/span><\/div>\n<div class=\"ult-overlay content-69f73c8a058468-75452171 \" data-class=\"content-69f73c8a058468-75452171\" id=\"button-click-overlay\" style=\"background:rgba(51,51,51,0.8); display:none;\">\n\t<div class=\"ult_modal ult-fade ult-small\">\n\t\t<div id=\"ult-modal-wrap-5925\" class=\"ult_modal-content ult-hide\" style=\"border-style:solid;border-width:2px;border-radius:0px;border-color:#333333;\">\n\t\t\t<div class=\"ult_modal-header\" style=\"color:#333333;border-color:#333333;\">\n\t\t\t\t<h3  data-ultimate-target='#ult-modal-wrap-5925 .ult_modal-title'  data-responsive-json-new='{\"font-size\":\"desktop:18px;\",\"line-height\":\"\"}'  class=\"ult_modal-title ult-responsive\">Sandra Garfe Bouillet<\/h3>\n\t\t\t<\/div>\n\t\t\t<div  data-ultimate-target='#ult-modal-wrap-5925 .ult_modal-body'  data-responsive-json-new='{\"font-size\":\"\",\"line-height\":\"\"}'  class=\"ult_modal-body ult-responsive ult-html\" style=\"background:#ffffff;\">\n\t\t\t<\/p>\n<p style=\"text-align: left;\">Publicista de la Universidad T\u00e9cnica del Estado, con estudios de Mag\u00edster en Gesti\u00f3n de Negocios, Universidad Adolfo Ib\u00e1\u00f1ez y diversos cursos de especializaci\u00f3n.<\/p>\n<p style=\"text-align: left;\">Cuenta con m\u00e1s de 30 a\u00f1os de experiencia en el Estado y Sector Privado, destacando su participaci\u00f3n en V\u00e9rtigo BTL (Sociedad Iglesias y C\u00eda. Ltda.) donde fue Directora de Proyectos, MINEDUC \u2013 CONICYT \u2013 Programa EXPLORA, a cargo de la Unidad Administraci\u00f3n y Producci\u00f3n, Velasco Producciones y empresas BATA donde estuvo a cargo del \u00e1rea de publicidad.<\/p>\n<p style=\"text-align: left;\">Su rol en Lupa consultoras recae en liderar y y proyectar la Direcci\u00f3n de Producci\u00f3n de Eventos y Programas de corto, mediano y largo plazo, y junto a eso, coordinar la participaci\u00f3n de la empresa en Convenio Marco y al equipo de productores .<\/p>\n<p>\n\t\t\t<\/div>\n\t<\/div>\n\t<\/div>\n\t<div class=\"ult-overlay-close top-right\" style=\"width:80px;height:80px; \"><div class=\"ult-overlay-close-inside\">Close<\/div><\/div>\n<\/div>[\/vc_column][vc_column width=&#8221;1\/4&#8243;][vc_single_image image=&#8221;7626&#8243; img_size=&#8221;full&#8221; alignment=&#8221;center&#8221; style=&#8221;vc_box_circle_2&#8243;]<div id=\"ultimate-heading-577169f73c8a05866\" class=\"uvc-heading ult-adjust-bottom-margin ultimate-heading-577169f73c8a05866 uvc-2036 \" data-hspacer=\"line_only\"  data-halign=\"center\" style=\"text-align:center\"><div class=\"uvc-main-heading ult-responsive\"  data-ultimate-target='.uvc-heading.ultimate-heading-577169f73c8a05866 h2'  data-responsive-json-new='{\"font-size\":\"desktop:20px;\",\"line-height\":\"\"}' ><h2 style=\"font-weight:normal;color:#19a8a8;\">Romina Aguirre Villarroel<\/h2><\/div><div class=\"uvc-heading-spacer line_only\" style=\"topheight:1px;\"><span class=\"uvc-headings-line\" style=\"border-style:solid;border-bottom-width:1px;border-color:#fca13a;width:2px;\"><\/span><\/div><div class=\"uvc-sub-heading ult-responsive\"  data-ultimate-target='.uvc-heading.ultimate-heading-577169f73c8a05866 .uvc-sub-heading '  data-responsive-json-new='{\"font-size\":\"\",\"line-height\":\"\"}'  style=\"font-weight:normal;\"><\/p>\n<p style=\"text-align: center;\">Producci\u00f3n, investigaci\u00f3n y gesti\u00f3n cultural<\/p>\n<p><\/div><\/div><div id=\"modal-trg-txt-wrap-3537\" class=\"ult-modal-input-wrapper ult-adjust-bottom-margin    \" data-keypress-control=\"keypress-control-enable\" data-overlay-control=\"overlay-control-enable\"><span  data-ultimate-target='#modal-trg-txt-wrap-3537 .mycust'  data-responsive-json-new='{\"font-size\":\"\",\"line-height\":\"\"}'  style=\"color:#848484;cursor:pointer; text-decoration:underline;font-weight:normal;\" data-class-id=\"content-69f73c8a0588a3-80076312\" class=\"overlay-show ult-responsive mycust ult-align-center\" data-overlay-class=\"overlay-cornerbottomleft\">Ver m\u00e1s de Romina<\/span><\/div>\n<div class=\"ult-overlay content-69f73c8a0588a3-80076312 \" data-class=\"content-69f73c8a0588a3-80076312\" id=\"button-click-overlay\" style=\"background:rgba(51,51,51,0.8); display:none;\">\n\t<div class=\"ult_modal ult-fade ult-small\">\n\t\t<div id=\"ult-modal-wrap-5736\" class=\"ult_modal-content ult-hide\" style=\"border-style:solid;border-width:2px;border-radius:0px;border-color:#333333;\">\n\t\t\t<div class=\"ult_modal-header\" style=\"color:#333333;border-color:#333333;\">\n\t\t\t\t<h3  data-ultimate-target='#ult-modal-wrap-5736 .ult_modal-title'  data-responsive-json-new='{\"font-size\":\"desktop:18px;\",\"line-height\":\"\"}'  class=\"ult_modal-title ult-responsive\">Romina Aguirre Villarroel<\/h3>\n\t\t\t<\/div>\n\t\t\t<div  data-ultimate-target='#ult-modal-wrap-5736 .ult_modal-body'  data-responsive-json-new='{\"font-size\":\"\",\"line-height\":\"\"}'  class=\"ult_modal-body ult-responsive ult-html\" style=\"background:#ffffff;\">\n\t\t\t<\/p>\n<p style=\"text-align: left;\">T\u00e9cnico en sonido en Instituto profesional Santo Tom\u00e1s y Diplomada en Comunicaci\u00f3n y Gesti\u00f3n Cultural en el Instituto de la Comunicaci\u00f3n e Imagen (ICEI) de la Universidad de Chile. Se ha capacitado en \u00e1reas de desarrollo de audiencias y comunicaci\u00f3n para la colaboraci\u00f3n cultural.<\/p>\n<p style=\"text-align: left;\">Sus experiencias se relacionan con la gesti\u00f3n de proyectos y producci\u00f3n de actividades de difusi\u00f3n, mediaci\u00f3n lectora, m\u00fasica y desarrollo de audiencias. Destacan la relator\u00eda Mediar la lectura hoy, junto a Cecrea y el Plan Nacional de lectura, donde estuvo a cargo de laboratorios que vinculaban lectura y multimedia; Talleres en la Escuela de Gendarmer\u00eda sobre mediaci\u00f3n lectora y espacios no convencionales de lectura, producci\u00f3n y tallerista para el programa Abuelos mediadores como parte del equipo de Corporaci\u00f3n Creamundos por dos a\u00f1os consecutivos y tallerista en t\u00e9cnicas de grabado y fanzine para fomento lector en colegios, centros lectores y Ferias del Libro. Ha sido parte del equipo de coordina el Plan de fomento lector en Bibliotecas de Centros Penitenciarios del actual Servicio del Patrimonio Cultural y Asesora en gesti\u00f3n de proyectos para el Plan Nacional de la Lectura.<\/p>\n<p style=\"text-align: left;\">Su rol en Lupa Consultoras involucra la producci\u00f3n, investigaci\u00f3n y gesti\u00f3n cultural.<\/p>\n<p>\n\t\t\t<\/div>\n\t<\/div>\n\t<\/div>\n\t<div class=\"ult-overlay-close top-right\" style=\"width:80px;height:80px; \"><div class=\"ult-overlay-close-inside\">Close<\/div><\/div>\n<\/div>[\/vc_column][vc_column width=&#8221;1\/4&#8243;][vc_single_image image=&#8221;7723&#8243; img_size=&#8221;full&#8221; alignment=&#8221;center&#8221; style=&#8221;vc_box_circle_2&#8243;]<div id=\"ultimate-heading-873169f73c8a058b5\" class=\"uvc-heading ult-adjust-bottom-margin ultimate-heading-873169f73c8a058b5 uvc-1463 \" data-hspacer=\"line_only\"  data-halign=\"center\" style=\"text-align:center\"><div class=\"uvc-main-heading ult-responsive\"  data-ultimate-target='.uvc-heading.ultimate-heading-873169f73c8a058b5 h2'  data-responsive-json-new='{\"font-size\":\"desktop:20px;\",\"line-height\":\"\"}' ><h2 style=\"font-weight:normal;color:#19a8a8;\">Leslie Armijo Suarez<\/h2><\/div><div class=\"uvc-heading-spacer line_only\" style=\"topheight:1px;\"><span class=\"uvc-headings-line\" style=\"border-style:solid;border-bottom-width:1px;border-color:#fca13a;width:2px;\"><\/span><\/div><div class=\"uvc-sub-heading ult-responsive\"  data-ultimate-target='.uvc-heading.ultimate-heading-873169f73c8a058b5 .uvc-sub-heading '  data-responsive-json-new='{\"font-size\":\"\",\"line-height\":\"\"}'  style=\"font-weight:normal;\"><\/p>\n<p style=\"text-align: center;\">Producci\u00f3n grandes eventos y gesti\u00f3n cultural<\/p>\n<p><\/div><\/div><div id=\"modal-trg-txt-wrap-9404\" class=\"ult-modal-input-wrapper ult-adjust-bottom-margin    \" data-keypress-control=\"keypress-control-enable\" data-overlay-control=\"overlay-control-enable\"><span  data-ultimate-target='#modal-trg-txt-wrap-9404 .mycust'  data-responsive-json-new='{\"font-size\":\"\",\"line-height\":\"\"}'  style=\"color:#848484;cursor:pointer; text-decoration:underline;font-weight:normal;\" data-class-id=\"content-69f73c8a058dc6-12758456\" class=\"overlay-show ult-responsive mycust ult-align-center\" data-overlay-class=\"overlay-cornerbottomleft\">Ver m\u00e1s de Leslie<\/span><\/div>\n<div class=\"ult-overlay content-69f73c8a058dc6-12758456 \" data-class=\"content-69f73c8a058dc6-12758456\" id=\"button-click-overlay\" style=\"background:rgba(51,51,51,0.8); display:none;\">\n\t<div class=\"ult_modal ult-fade ult-small\">\n\t\t<div id=\"ult-modal-wrap-2738\" class=\"ult_modal-content ult-hide\" style=\"border-style:solid;border-width:2px;border-radius:0px;border-color:#333333;\">\n\t\t\t<div class=\"ult_modal-header\" style=\"color:#333333;border-color:#333333;\">\n\t\t\t\t<h3  data-ultimate-target='#ult-modal-wrap-2738 .ult_modal-title'  data-responsive-json-new='{\"font-size\":\"desktop:18px;\",\"line-height\":\"\"}'  class=\"ult_modal-title ult-responsive\">Leslie Armijo Suarez<\/h3>\n\t\t\t<\/div>\n\t\t\t<div  data-ultimate-target='#ult-modal-wrap-2738 .ult_modal-body'  data-responsive-json-new='{\"font-size\":\"\",\"line-height\":\"\"}'  class=\"ult_modal-body ult-responsive ult-html\" style=\"background:#ffffff;\">\n\t\t\t<\/p>\n<p style=\"text-align: left;\">T\u00e9cnico en Atenci\u00f3n de P\u00e1rvulos, con estudios superiores en Arte Dram\u00e1tico y Teatro en I.P. Los Leones. Titulada de t\u00e9cnico superior en Gesti\u00f3n Cultural y Producci\u00f3n de Eventos en I.P. Arcos.<\/p>\n<p style=\"text-align: left;\">Cuenta con experiencia en producciones en el \u00e1rea de marketing y BTL, campa\u00f1as<br \/>\ncorporativas y gubernamentales. Actualmente es productora ejecutiva y comercial en la asociaci\u00f3n Proyecto Educativo Itinerante, enfocada al fomento del teatro educativo en diversos establecimientos educacionales. Ha apoyado en procesos de venta y producci\u00f3n teatral, adem\u00e1s de ser una destacada tallerista y coordinadora de pr\u00e1cticas art\u00edsticas en varios proyectos y programas estatales.<\/p>\n<p style=\"text-align: left;\">En Lupa consultoras es productora y gestora cultural, destacando su liderazgo en proyectos masivos tales como ComicZone en la Biblioteca de Santiago, Aniversario DIBAM 2017, X Seminario de Educaci\u00f3n y G\u00e9nero, adem\u00e1s de diversos servicios de banqueter\u00eda y atenci\u00f3n a p\u00fablico en Seminarios, Capacitaciones y Encuentros.<\/p>\n<p>\n\t\t\t<\/div>\n\t<\/div>\n\t<\/div>\n\t<div class=\"ult-overlay-close top-right\" style=\"width:80px;height:80px; \"><div class=\"ult-overlay-close-inside\">Close<\/div><\/div>\n<\/div>[\/vc_column][vc_column width=&#8221;1\/4&#8243;][vc_single_image image=&#8221;7727&#8243; img_size=&#8221;full&#8221; alignment=&#8221;center&#8221; style=&#8221;vc_box_circle_2&#8243;]<div id=\"ultimate-heading-714669f73c8a05907\" class=\"uvc-heading ult-adjust-bottom-margin ultimate-heading-714669f73c8a05907 uvc-767 \" data-hspacer=\"line_only\"  data-halign=\"center\" style=\"text-align:center\"><div class=\"uvc-main-heading ult-responsive\"  data-ultimate-target='.uvc-heading.ultimate-heading-714669f73c8a05907 h2'  data-responsive-json-new='{\"font-size\":\"desktop:20px;\",\"line-height\":\"\"}' ><h2 style=\"font-weight:normal;color:#19a8a8;\">Laura Vargas Gaete<\/h2><\/div><div class=\"uvc-heading-spacer line_only\" style=\"topheight:1px;\"><span class=\"uvc-headings-line\" style=\"border-style:solid;border-bottom-width:1px;border-color:#fca13a;width:2px;\"><\/span><\/div><div class=\"uvc-sub-heading ult-responsive\"  data-ultimate-target='.uvc-heading.ultimate-heading-714669f73c8a05907 .uvc-sub-heading '  data-responsive-json-new='{\"font-size\":\"\",\"line-height\":\"\"}'  style=\"font-weight:normal;\"><\/p>\n<p style=\"text-align: center;\">Coordinaci\u00f3n investigaci\u00f3n y dise\u00f1o de estudios<\/p>\n<p><\/div><\/div><div id=\"modal-trg-txt-wrap-1302\" class=\"ult-modal-input-wrapper ult-adjust-bottom-margin    \" data-keypress-control=\"keypress-control-enable\" data-overlay-control=\"overlay-control-enable\"><span  data-ultimate-target='#modal-trg-txt-wrap-1302 .mycust'  data-responsive-json-new='{\"font-size\":\"\",\"line-height\":\"\"}'  style=\"color:#848484;cursor:pointer; text-decoration:underline;font-weight:normal;\" data-class-id=\"content-69f73c8a0592d3-47948602\" class=\"overlay-show ult-responsive mycust ult-align-center\" data-overlay-class=\"overlay-cornerbottomleft\">Ver m\u00e1s de Laura<\/span><\/div>\n<div class=\"ult-overlay content-69f73c8a0592d3-47948602 \" data-class=\"content-69f73c8a0592d3-47948602\" id=\"button-click-overlay\" style=\"background:rgba(51,51,51,0.8); display:none;\">\n\t<div class=\"ult_modal ult-fade ult-small\">\n\t\t<div id=\"ult-modal-wrap-2432\" class=\"ult_modal-content ult-hide\" style=\"border-style:solid;border-width:2px;border-radius:0px;border-color:#333333;\">\n\t\t\t<div class=\"ult_modal-header\" style=\"color:#333333;border-color:#333333;\">\n\t\t\t\t<h3  data-ultimate-target='#ult-modal-wrap-2432 .ult_modal-title'  data-responsive-json-new='{\"font-size\":\"desktop:18px;\",\"line-height\":\"\"}'  class=\"ult_modal-title ult-responsive\">Laura Vargas Gaete<\/h3>\n\t\t\t<\/div>\n\t\t\t<div  data-ultimate-target='#ult-modal-wrap-2432 .ult_modal-body'  data-responsive-json-new='{\"font-size\":\"\",\"line-height\":\"\"}'  class=\"ult_modal-body ult-responsive ult-html\" style=\"background:#ffffff;\">\n\t\t\t<\/p>\n<p style=\"text-align: left;\">Soci\u00f3loga de la Universidad Alberto Hurtado y M\u00e1ster en Educaci\u00f3n Interdisciplinaria de Las Artes de la Universidad de Barcelona.<\/p>\n<p style=\"text-align: left;\">Su experiencia se basa en la gesti\u00f3n y desarrollo de proyectos culturales, mediaci\u00f3n art\u00edstica e implementaci\u00f3n y evaluaci\u00f3n de pol\u00edticas p\u00fablicas en fomento lector.<\/p>\n<p style=\"text-align: left;\">Inici\u00f3 su trayectoria profesional en el \u00e1mbito del arte y la cultura como profesional del programa Servicio Pa\u00eds Cultura, donde profundiz\u00f3 en la implementaci\u00f3n de metodolog\u00edas participativas para la elaboraci\u00f3n de proyectos culturales con enfoque local. Tambi\u00e9n trabajo por tres a\u00f1os en el Plan Nacional del Libro y la Lectura coordinando programas regionales de fomento a la lectura. En el \u00faltimo tiempo se ha enfocado en el concepto de mediaci\u00f3n art\u00edstica entre arte y educaci\u00f3n explorando nuevas metodolog\u00edas form\u00e1ndose como facilitadora de Pre-Textos de Cultural Agents, desarrollando derivas territoriales y continuando con la investigaci\u00f3n e implementaci\u00f3n de proyectos y programas.<\/p>\n<p style=\"text-align: left;\">Su rol en Lupa consultoras en liderar equipos de investigaci\u00f3n y dise\u00f1ar procesos de diagn\u00f3stico, formaci\u00f3n y evaluaci\u00f3n en distintas \u00e1reas.<\/p>\n<p>\n\t\t\t<\/div>\n\t<\/div>\n\t<\/div>\n\t<div class=\"ult-overlay-close top-right\" style=\"width:80px;height:80px; \"><div class=\"ult-overlay-close-inside\">Close<\/div><\/div>\n<\/div>[\/vc_column][\/vc_row]<\/p>\n","protected":false},"excerpt":{"rendered":"<p>[vc_row full_width=&#8221;stretch_row&#8221; parallax_content=&#8221;parallax_content_value&#8221; parallax_content_sense=&#8221;1.5&#8243; css=&#8221;.vc_custom_1594214707602{background-image: url(https:\/\/www.lupaconsultoras.cl\/web\/wp-content\/uploads\/2020\/06\/empresa2.jpg?id=7751) !important;}&#8221;][vc_column][vc_empty_space height=&#8221;52px&#8221;][vc_custom_heading text=&#8221;Nuestra empresa&#8221; font_container=&#8221;tag:h1|font_size:40px|text_align:center|color:%23ffffff&#8221; use_theme_fonts=&#8221;yes&#8221;][vc_separator color=&#8221;sandy_brown&#8221; border_width=&#8221;2&#8243; el_width=&#8221;10&#8243;][vc_empty_space height=&#8221;12px&#8221;][vc_row_inner gap=&#8221;15&#8243;][vc_column_inner width=&#8221;1\/2&#8243;][vc_column_text] Nuestra visi\u00f3n Contribuir de forma activa a la construcci\u00f3n de un mejor pa\u00eds, de una mejor sociedad. Creemos que la cultura, su divulgaci\u00f3n, reflexi\u00f3n, acceso y participaci\u00f3n, es un elemento de transformaci\u00f3n social y desarrollo que impacta, [&hellip;]<\/p>\n","protected":false},"author":1,"featured_media":0,"parent":0,"menu_order":0,"comment_status":"closed","ping_status":"closed","template":"","meta":{"footnotes":""},"_links":{"self":[{"href":"https:\/\/www.lupaconsultoras.cl\/web\/wp-json\/wp\/v2\/pages\/7315"}],"collection":[{"href":"https:\/\/www.lupaconsultoras.cl\/web\/wp-json\/wp\/v2\/pages"}],"about":[{"href":"https:\/\/www.lupaconsultoras.cl\/web\/wp-json\/wp\/v2\/types\/page"}],"author":[{"embeddable":true,"href":"https:\/\/www.lupaconsultoras.cl\/web\/wp-json\/wp\/v2\/users\/1"}],"replies":[{"embeddable":true,"href":"https:\/\/www.lupaconsultoras.cl\/web\/wp-json\/wp\/v2\/comments?post=7315"}],"version-history":[{"count":34,"href":"https:\/\/www.lupaconsultoras.cl\/web\/wp-json\/wp\/v2\/pages\/7315\/revisions"}],"predecessor-version":[{"id":7821,"href":"https:\/\/www.lupaconsultoras.cl\/web\/wp-json\/wp\/v2\/pages\/7315\/revisions\/7821"}],"wp:attachment":[{"href":"https:\/\/www.lupaconsultoras.cl\/web\/wp-json\/wp\/v2\/media?parent=7315"}],"curies":[{"name":"wp","href":"https:\/\/api.w.org\/{rel}","templated":true}]}}